{"id":197,"date":"2024-05-10T21:17:56","date_gmt":"2024-05-10T21:17:56","guid":{"rendered":"https:\/\/zetunas.com\/?page_id=197"},"modified":"2024-08-06T21:17:00","modified_gmt":"2024-08-06T21:17:00","slug":"kurucumuz","status":"publish","type":"page","link":"https:\/\/zetunas.com\/index.php\/kurucumuz\/","title":{"rendered":"Kurucumuz"},"content":{"rendered":"\t\t<div data-elementor-type=\"wp-page\" data-elementor-id=\"197\" class=\"elementor elementor-197\">\n\t\t\t\t\t\t<section class=\"elementor-section elementor-top-section elementor-element elementor-element-a80288e elementor-section-content-middle elementor-reverse-tablet elementor-reverse-mobile elementor-section-boxed elementor-section-height-default elementor-section-height-default\" data-id=\"a80288e\" data-element_type=\"section\" data-e-type=\"section\">\n\t\t\t\t\t\t<div class=\"elementor-container elementor-column-gap-default\">\n\t\t\t\t\t<div class=\"aux-parallax-section elementor-column elementor-col-100 elementor-top-column elementor-element elementor-element-95439be\" data-id=\"95439be\" data-element_type=\"column\" data-e-type=\"column\">\n\t\t\t<div class=\"elementor-widget-wrap elementor-element-populated\">\n\t\t\t\t\t\t<div class=\"elementor-element elementor-element-6f9d68e aux-appear-watch-animation aux-fade-in-up-1 elementor-widget elementor-widget-aux_modern_heading\" data-id=\"6f9d68e\" data-element_type=\"widget\" data-e-type=\"widget\" data-widget_type=\"aux_modern_heading.default\">\n\t\t\t\t<div class=\"elementor-widget-container\">\n\t\t\t\t\t<section class=\"aux-widget-modern-heading\">\n            <div class=\"aux-widget-inner\"><h2 class=\"aux-modern-heading-primary\">KURUCUMUZ<\/h2><h3 class=\"aux-modern-heading-secondary\"><span class=\"aux-head-before\">samet HACISAL\u0130HO\u011eLU<\/span><\/h3><\/div>\n        <\/section>\t\t\t\t<\/div>\n\t\t\t\t<\/div>\n\t\t\t\t<div class=\"elementor-element elementor-element-6b75e43 aux-appear-watch-animation aux-fade-in-up-1 elementor-widget elementor-widget-text-editor\" data-id=\"6b75e43\" data-element_type=\"widget\" data-e-type=\"widget\" data-widget_type=\"text-editor.default\">\n\t\t\t\t<div class=\"elementor-widget-container\">\n\t\t\t\t\t\t\t\t\t<p style=\"text-align: center;\"><strong>Y\u00f6netim Kurulu Ba\u015fkan\u0131<\/strong><br \/><strong>Yeminli Mali M\u00fc\u015favir<\/strong><br \/><strong>Vergi M\u00fcfetti\u015fi (E)<\/strong><\/p><p style=\"text-align: justify;\">1988 y\u0131l\u0131nda Trabzon ili Ak\u00e7aabat il\u00e7esinde do\u011fdu. \u0130lk\u00f6\u011frenimini Derecik \u0130lk\u00f6\u011fretim okulunda tamamlad\u0131. Orta \u00f6\u011frenimini Cumhuriyet Orta Okulu ve Lise \u00f6\u011frenimini Trabzon Lisesinde tamamlad\u0131.<\/p><p style=\"text-align: justify;\">2007 y\u0131l\u0131nda Karadeniz Teknik \u00dcniversitesi \u0130ktisadi ve \u0130dari Bilimler Fak\u00fcltesi \u0130\u015fletme B\u00f6l\u00fcm\u00fcn\u00fc kazanarak \u00fcniversite hayat\u0131na ba\u015flad\u0131.<\/p><p style=\"text-align: justify;\">2011 y\u0131l\u0131nda Karadeniz \u00dcniversitesi \u0130ktisadi ve \u0130dari Bilimler Fak\u00fcltesi \u0130\u015fletme B\u00f6l\u00fcm\u00fcn\u00fc Y\u00fcksek Onur \u00d6\u011frencisi olarak tamamlad\u0131.<\/p><p style=\"text-align: justify;\">2013 y\u0131l\u0131 \u015eubat ay\u0131nda Antalya Vergi Dairesi Ba\u015fkanl\u0131\u011f\u0131 Kalekap\u0131 Vergi Dairesi M\u00fcd\u00fcrl\u00fc\u011f\u00fcnde Gelir Uzman Yard\u0131mc\u0131s\u0131 olarak g\u00f6reve ba\u015flad\u0131.<\/p><p style=\"text-align: justify;\">Kalekap\u0131 Vergi Dairesi M\u00fcd\u00fcrl\u00fc\u011f\u00fcnde \u00e7al\u0131\u015ft\u0131\u011f\u0131 s\u00fcre i\u00e7erisinde vergi dairesinin t\u00fcm servislerinde g\u00f6rev ald\u0131.<\/p><p style=\"text-align: justify;\">2013 y\u0131l\u0131 Eyl\u00fcl ay\u0131nda mesle\u011fe kabul edilmesi ile birlikte Vergi M\u00fcfetti\u015f Yard\u0131mc\u0131s\u0131 olarak (3. Promosyon) Vergi Denetim Kurulu Ba\u015fkanl\u0131\u011f\u0131nda g\u00f6reve ba\u015flad\u0131.<\/p><p style=\"text-align: justify;\">2014 y\u0131l\u0131nda Bursa Grup Ba\u015fkanl\u0131\u011f\u0131nda Vergi M\u00fcfetti\u015f Yard\u0131mc\u0131s\u0131 olarak g\u00f6reve ba\u015flad\u0131. Vergi M\u00fcfetti\u015f yard\u0131mc\u0131l\u0131\u011f\u0131 s\u00fcresince birbirinden farkl\u0131 bir\u00e7ok sekt\u00f6rlerde vergi incelemeleri y\u00fcr\u00fctt\u00fc.<\/p><p style=\"text-align: justify;\">2018 y\u0131l\u0131nda Vergi M\u00fcfetti\u015f Yard\u0131mc\u0131s\u0131 Unvan\u0131 ile Gelir \u0130daresi Ba\u015fkanl\u0131\u011f\u0131 b\u00fcnyesinde kurulan Risk Analiz Merkezinde g\u00f6revlendirildi. Bu g\u00f6revlendirme kapsam\u0131nda, vergisel y\u00f6nden riskli m\u00fckellef gruplar\u0131n\u0131n belirlenmesi, riskli sekt\u00f6rlerin belirlenmesi, mevcut ve yeni risk senaryolar\u0131n\u0131n olu\u015fturulmas\u0131 \u00e7al\u0131\u015fmalar\u0131na katk\u0131da bulundu.<\/p><p style=\"text-align: justify;\">2019 y\u0131l\u0131nda 2019\/374 No\u2019lu Cumhurba\u015fkan\u0131 Karar\u0131 ile Vergi M\u00fcfetti\u015fi olarak atand\u0131.<\/p><p style=\"text-align: justify;\">2020 y\u0131l\u0131nda 1 No\u2019lu CBK ile Hazine ve Maliye Bakanl\u0131\u011f\u0131 b\u00fcnyesinde kurulan Risk Analizi Genel M\u00fcd\u00fcrl\u00fc\u011f\u00fcnde g\u00f6revlendirildi. Bu g\u00f6revlendirme kapsam\u0131nda, Vergi kay\u0131p ve ka\u00e7a\u011f\u0131 ile kay\u0131t d\u0131\u015f\u0131 ekonomik faaliyetlerin ara\u015ft\u0131r\u0131lmas\u0131 ve bu faaliyetlerin \u00f6nlenmesine y\u00f6nelik risk analiz ve de\u011ferlendirme \u00e7al\u0131\u015fmalar\u0131na katk\u0131da bulundu.<\/p><p style=\"text-align: justify;\">2021 y\u0131l\u0131 Ocak ay\u0131nda Hazine ve Maliye Bakan\u0131 dan\u0131\u015fman ekibinde g\u00f6rev ald\u0131.<\/p><p style=\"text-align: justify;\">2022 y\u0131l\u0131 Ocak ay\u0131nda kendi iste\u011fi ile kamu g\u00f6revinden \u00e7ekilmi\u015ftir. Kamu g\u00f6revi vesilesiyle edindi\u011fi mesleki bilgi, tecr\u00fcbe ve ilkeler \u0131\u015f\u0131\u011f\u0131nda, \u00f6zel sekt\u00f6rde yine t\u00fcm payda\u015flara katk\u0131 sunmak \u00fczere, yeni i\u015f hayat\u0131na bir Yeminli Mali M\u00fc\u015favirlik firmas\u0131nda Genel M\u00fcd\u00fcr Yard\u0131mc\u0131s\u0131 olarak ba\u015flad\u0131.<\/p><p style=\"text-align: justify;\">2022 y\u0131l\u0131 A\u011fustos 2023 Ekim aylar\u0131 aras\u0131nda yine ayn\u0131 \u015firkette Genel M\u00fcd\u00fcr olarak g\u00f6rev ald\u0131.<\/p><p style=\"text-align: justify;\">2023 y\u0131l\u0131 Ekim ay\u0131nda ZETUNAS Yeminli Mali M\u00fc\u015favirlik A.\u015e. \u015firketini kurdu.<\/p><p style=\"text-align: justify;\">\u00c7al\u0131\u015fma hayat\u0131na ZETUNAS b\u00fcnyesinde Yeminli Mali M\u00fc\u015favir olarak devam etmektedir.<\/p>\t\t\t\t\t\t\t\t<\/div>\n\t\t\t\t<\/div>\n\t\t\t\t\t<\/div>\n\t\t<\/div>\n\t\t\t\t\t<\/div>\n\t\t<\/section>\n\t\t\t\t<section class=\"elementor-section elementor-top-section elementor-element elementor-element-d98686a elementor-section-boxed elementor-section-height-default elementor-section-height-default\" data-id=\"d98686a\" data-element_type=\"section\" data-e-type=\"section\">\n\t\t\t\t\t\t<div class=\"elementor-container elementor-column-gap-default\">\n\t\t\t\t\t<div class=\"aux-parallax-section elementor-column elementor-col-50 elementor-top-column elementor-element elementor-element-2b965ea\" data-id=\"2b965ea\" data-element_type=\"column\" data-e-type=\"column\">\n\t\t\t<div class=\"elementor-widget-wrap elementor-element-populated\">\n\t\t\t\t\t\t<div class=\"elementor-element elementor-element-53bff94 aux-appear-watch-animation aux-fade-in-up-1 elementor-widget elementor-widget-aux_text\" data-id=\"53bff94\" data-element_type=\"widget\" data-e-type=\"widget\" data-widget_type=\"aux_text.default\">\n\t\t\t\t<div class=\"elementor-widget-container\">\n\t\t\t\t\t<section class=\"widget-container aux-widget-text aux-parent-au0960333c\">        <div class=\"aux-widget-advanced-text aux-wrap-style-simple aux-ico-pos-left aux-text-left aux-text-resp- aux-text-color-dark aux-text-widget-bg-center  aux-text-padding-fix \" >\n        \n                            <div class=\"aux-text-widget-header \"  >\n                        <div class=\"aux-ico-box aux-ico-large aux-ico-shape-circle aux-ico-clear \">\n                            <i aria-hidden=\"true\" class=\"aux-ico auxicon auxicon-money\"><\/i>                        <\/div>\n                <\/div>\n            \n            <div class=\"aux-text-inner aux-text-widget-content\">\n                                <h4 class=\"col-title\"><a href=\"https:\/\/zetunas.com\/index.php\/vergi-danismanligi\/\">Vergi <\/br>Dan\u0131\u015fmanl\u0131\u011f\u0131<\/a><\/h4>\n                                <div class=\"widget-content\">\n                                        <p>G\u00fcncel mali mevzuat ve d\u00fczenlemeler konusunda edinilen bilgi ve deneyimler \u0131\u015f\u0131\u011f\u0131nda i\u015f ortaklar\u0131m\u0131za destek olmaktay\u0131z.<\/p>                <\/div>\n                            <\/div>\n        <\/div>\n                    <div class=\"aux-text-widget-footer\">\n                <div class=\"aux-border-shape-none \">\n                                <\/div>\n            <\/div>\n        \n<\/section><!-- widget-container -->\t\t\t\t<\/div>\n\t\t\t\t<\/div>\n\t\t\t\t<div class=\"elementor-element elementor-element-16186cd aux-appear-watch-animation aux-fade-in-up-1 elementor-widget elementor-widget-aux_text\" data-id=\"16186cd\" data-element_type=\"widget\" data-e-type=\"widget\" data-widget_type=\"aux_text.default\">\n\t\t\t\t<div class=\"elementor-widget-container\">\n\t\t\t\t\t<section class=\"widget-container aux-widget-text aux-parent-au4104ce11\">        <div class=\"aux-widget-advanced-text aux-wrap-style-simple aux-ico-pos-left aux-text-left aux-text-resp- aux-text-color-dark aux-text-widget-bg-center  aux-text-padding-fix \" >\n        \n                            <div class=\"aux-text-widget-header \"  >\n                        <div class=\"aux-ico-box aux-ico-large aux-ico-shape-circle aux-ico-clear \">\n                            <i aria-hidden=\"true\" class=\"aux-ico auxicon auxicon-stamp-streamline\"><\/i>                        <\/div>\n                <\/div>\n            \n            <div class=\"aux-text-inner aux-text-widget-content\">\n                                <h4 class=\"col-title\"><a href=\"https:\/\/zetunas.com\/index.php\/denetim-ve-tasdik-hizmetleri\/\">Denetim ve Tasdik Hizmetleri<\/a><\/h4>\n                                <div class=\"widget-content\">\n                                        <p>Vergi denetim ve tasdik hizmetlerimiz, sizlerin vergi kanunlar\u0131 ile uyum konusunda kendinizi g\u00fcvende hissetmenizi sa\u011flar.<\/p>                <\/div>\n                            <\/div>\n        <\/div>\n                    <div class=\"aux-text-widget-footer\">\n                <div class=\"aux-border-shape-none \">\n                                <\/div>\n            <\/div>\n        \n<\/section><!-- widget-container -->\t\t\t\t<\/div>\n\t\t\t\t<\/div>\n\t\t\t\t<div class=\"elementor-element elementor-element-baea07f aux-appear-watch-animation aux-fade-in-up-1 elementor-widget elementor-widget-aux_text\" data-id=\"baea07f\" data-element_type=\"widget\" data-e-type=\"widget\" data-widget_type=\"aux_text.default\">\n\t\t\t\t<div class=\"elementor-widget-container\">\n\t\t\t\t\t<section class=\"widget-container aux-widget-text aux-parent-auf3e10908\">        <div class=\"aux-widget-advanced-text aux-wrap-style-simple aux-ico-pos-left aux-text-left aux-text-resp- aux-text-color-dark aux-text-widget-bg-center  aux-text-padding-fix \" >\n        \n                            <div class=\"aux-text-widget-header \"  >\n                        <div class=\"aux-ico-box aux-ico-large aux-ico-shape-circle aux-ico-clear \">\n                            <i aria-hidden=\"true\" class=\"aux-ico fas fa-globe\"><\/i>                        <\/div>\n                <\/div>\n            \n            <div class=\"aux-text-inner aux-text-widget-content\">\n                                <h4 class=\"col-title\"><a href=\"https:\/\/zetunas.com\/index.php\/sirket-hukuku-birlesmeler\/\">\u015eirketler Hukuku ve Birle\u015fmeler<\/a><\/h4>\n                                <div class=\"widget-content\">\n                                        <p>Hisse devri, malvarl\u0131\u011f\u0131 sat\u0131\u015f\u0131, \u015firket b\u00f6l\u00fcnmesi, \u015firket birle\u015fmesi alanlar\u0131nda profesyonel deste\u011fimiz ile yan\u0131n\u0131zday\u0131z.<\/p>                <\/div>\n                            <\/div>\n        <\/div>\n                    <div class=\"aux-text-widget-footer\">\n                <div class=\"aux-border-shape-none \">\n                                <\/div>\n            <\/div>\n        \n<\/section><!-- widget-container -->\t\t\t\t<\/div>\n\t\t\t\t<\/div>\n\t\t\t\t<div class=\"elementor-element elementor-element-0295a75 aux-appear-watch-animation aux-fade-in-up-1 elementor-widget elementor-widget-aux_text\" data-id=\"0295a75\" data-element_type=\"widget\" data-e-type=\"widget\" data-widget_type=\"aux_text.default\">\n\t\t\t\t<div class=\"elementor-widget-container\">\n\t\t\t\t\t<section class=\"widget-container aux-widget-text aux-parent-aue7a3e1a5\">        <div class=\"aux-widget-advanced-text aux-wrap-style-simple aux-ico-pos-left aux-text-left aux-text-resp- aux-text-color-dark aux-text-widget-bg-center  aux-text-padding-fix \" >\n        \n                            <div class=\"aux-text-widget-header \"  >\n                        <div class=\"aux-ico-box aux-ico-large aux-ico-shape-circle aux-ico-clear \">\n                            <i aria-hidden=\"true\" class=\"aux-ico auxicon auxicon-explore\"><\/i>                        <\/div>\n                <\/div>\n            \n            <div class=\"aux-text-inner aux-text-widget-content\">\n                                <h4 class=\"col-title\"><a href=\"https:\/\/zetunas.com\/index.php\/yatirim-tesvik-hizmetleri\/\">Yat\u0131r\u0131m Te\u015fvik Hizmetleri<\/a><\/h4>\n                                <div class=\"widget-content\">\n                                        <p>Zaman\u0131nda ve en uygun te\u015fvik unsurlar\u0131n\u0131 hizmetinize sunarak yerel ve uluslararas\u0131 piyasalarda rekabet avantaj\u0131 sa\u011fl\u0131yoruz.<\/p>                <\/div>\n                            <\/div>\n        <\/div>\n                    <div class=\"aux-text-widget-footer\">\n                <div class=\"aux-border-shape-none \">\n                                <\/div>\n            <\/div>\n        \n<\/section><!-- widget-container -->\t\t\t\t<\/div>\n\t\t\t\t<\/div>\n\t\t\t\t\t<\/div>\n\t\t<\/div>\n\t\t\t\t<div class=\"aux-parallax-section elementor-column elementor-col-50 elementor-top-column elementor-element elementor-element-6deec5a\" data-id=\"6deec5a\" data-element_type=\"column\" data-e-type=\"column\">\n\t\t\t<div class=\"elementor-widget-wrap elementor-element-populated\">\n\t\t\t\t\t\t<div class=\"elementor-element elementor-element-3503fab aux-appear-watch-animation aux-fade-in-up-1 elementor-widget elementor-widget-aux_text\" data-id=\"3503fab\" data-element_type=\"widget\" data-e-type=\"widget\" data-widget_type=\"aux_text.default\">\n\t\t\t\t<div class=\"elementor-widget-container\">\n\t\t\t\t\t<section class=\"widget-container aux-widget-text aux-parent-au4c5021e1\">        <div class=\"aux-widget-advanced-text aux-wrap-style-simple aux-ico-pos-left aux-text-left aux-text-resp- aux-text-color-dark aux-text-widget-bg-center  aux-text-padding-fix \" >\n        \n                            <div class=\"aux-text-widget-header \"  >\n                        <div class=\"aux-ico-box aux-ico-large aux-ico-shape-circle aux-ico-clear \">\n                            <i aria-hidden=\"true\" class=\"aux-ico auxicon auxicon-law\"><\/i>                        <\/div>\n                <\/div>\n            \n            <div class=\"aux-text-inner aux-text-widget-content\">\n                                <h4 class=\"col-title\"><a href=\"https:\/\/zetunas.com\/index.php\/vergi-davalari\/\">Vergi \u0130htilaflar\u0131 ve Davalar\u0131<\/a><\/h4>\n                                <div class=\"widget-content\">\n                                        <p>\u0130\u015f ortaklar\u0131m\u0131z\u0131n vergi incelemeleri ve uyu\u015fmazl\u0131klar\u0131 s\u00fcrecini profesyonel yakla\u015f\u0131m\u0131m\u0131zla en uygun \u015fartlar\u0131 sa\u011flayacak \u015fekilde y\u00f6netiyoruz.<\/p>                <\/div>\n                            <\/div>\n        <\/div>\n                    <div class=\"aux-text-widget-footer\">\n                <div class=\"aux-border-shape-none \">\n                                <\/div>\n            <\/div>\n        \n<\/section><!-- widget-container -->\t\t\t\t<\/div>\n\t\t\t\t<\/div>\n\t\t\t\t<div class=\"elementor-element elementor-element-ab1323e aux-appear-watch-animation aux-fade-in-up-1 elementor-widget elementor-widget-aux_text\" data-id=\"ab1323e\" data-element_type=\"widget\" data-e-type=\"widget\" data-widget_type=\"aux_text.default\">\n\t\t\t\t<div class=\"elementor-widget-container\">\n\t\t\t\t\t<section class=\"widget-container aux-widget-text aux-parent-aub31fb67a\">        <div class=\"aux-widget-advanced-text aux-wrap-style-simple aux-ico-pos-left aux-text-left aux-text-resp- aux-text-color-dark aux-text-widget-bg-center  aux-text-padding-fix \" >\n        \n                            <div class=\"aux-text-widget-header \"  >\n                        <div class=\"aux-ico-box aux-ico-large aux-ico-shape-circle aux-ico-clear \">\n                                                                <span class=\"aux-ico auxicon-time\" > <\/span>\n                                                            <\/div>\n                <\/div>\n            \n            <div class=\"aux-text-inner aux-text-widget-content\">\n                                <h4 class=\"col-title\"><a href=\"https:\/\/zetunas.com\/index.php\/kdv-otv-hizmetleri\/\">KDV, \u00d6TV Ve Di\u011fer Dolayl\u0131 Vergiler<\/a><\/h4>\n                                <div class=\"widget-content\">\n                                        <p>KDV ve \u00d6TV muafiyet, istisna, indirim ve iade gibi haklar\u0131n zaman\u0131nda yerine getirilmesi i\u00e7in profesyonel deste\u011fimizden yararlanabilirsiniz.<\/p>                <\/div>\n                            <\/div>\n        <\/div>\n                    <div class=\"aux-text-widget-footer\">\n                <div class=\"aux-border-shape-none \">\n                                <\/div>\n            <\/div>\n        \n<\/section><!-- widget-container -->\t\t\t\t<\/div>\n\t\t\t\t<\/div>\n\t\t\t\t<div class=\"elementor-element elementor-element-1be2710 aux-appear-watch-animation aux-fade-in-up-1 elementor-widget elementor-widget-aux_text\" data-id=\"1be2710\" data-element_type=\"widget\" data-e-type=\"widget\" data-widget_type=\"aux_text.default\">\n\t\t\t\t<div class=\"elementor-widget-container\">\n\t\t\t\t\t<section class=\"widget-container aux-widget-text aux-parent-au23bf0683\">        <div class=\"aux-widget-advanced-text aux-wrap-style-simple aux-ico-pos-left aux-text-left aux-text-resp- aux-text-color-dark aux-text-widget-bg-center  aux-text-padding-fix \" >\n        \n                            <div class=\"aux-text-widget-header \"  >\n                        <div class=\"aux-ico-box aux-ico-large aux-ico-shape-circle aux-ico-clear \">\n                            <i aria-hidden=\"true\" class=\"aux-ico auxicon auxicon-computer-imac\"><\/i>                        <\/div>\n                <\/div>\n            \n            <div class=\"aux-text-inner aux-text-widget-content\">\n                                <h4 class=\"col-title\"><a href=\"https:\/\/zetunas.com\/index.php\/muhasebe-mali-sistemler\/\">Muhasebe ve Mali Sistemler<\/a><\/h4>\n                                <div class=\"widget-content\">\n                                        <p>\u0130\u015fletmenize uygun muhasebe ve mali sistemlere y\u00f6nelik yenilik\u00e7i \u00f6nerilerimiz ile yan\u0131n\u0131zday\u0131z.<\/p>                <\/div>\n                            <\/div>\n        <\/div>\n                    <div class=\"aux-text-widget-footer\">\n                <div class=\"aux-border-shape-none \">\n                                <\/div>\n            <\/div>\n        \n<\/section><!-- widget-container -->\t\t\t\t<\/div>\n\t\t\t\t<\/div>\n\t\t\t\t\t<\/div>\n\t\t<\/div>\n\t\t\t\t\t<\/div>\n\t\t<\/section>\n\t\t\t\t<\/div>\n\t\t","protected":false},"excerpt":{"rendered":"<p>KURUCUMUZ samet HACISAL\u0130HO\u011eLU Y\u00f6netim Kurulu Ba\u015fkan\u0131Yeminli Mali M\u00fc\u015favirVergi M\u00fcfetti\u015fi (E) 1988 y\u0131l\u0131nda Trabzon ili Ak\u00e7aabat il\u00e7esinde do\u011fdu. \u0130lk\u00f6\u011frenimini Derecik \u0130lk\u00f6\u011fretim okulunda tamamlad\u0131. Orta \u00f6\u011frenimini Cumhuriyet Orta Okulu ve Lise \u00f6\u011frenimini Trabzon Lisesinde tamamlad\u0131. 2007 y\u0131l\u0131nda Karadeniz Teknik \u00dcniversitesi \u0130ktisadi ve \u0130dari Bilimler Fak\u00fcltesi \u0130\u015fletme B\u00f6l\u00fcm\u00fcn\u00fc kazanarak \u00fcniversite hayat\u0131na ba\u015flad\u0131. 2011 y\u0131l\u0131nda Karadeniz \u00dcniversitesi \u0130ktisadi ve [&hellip;]<\/p>\n","protected":false},"author":1,"featured_media":0,"parent":0,"menu_order":0,"comment_status":"closed","ping_status":"closed","template":"templates\/page-builder-content.php","meta":{"footnotes":""},"class_list":["post-197","page","type-page","status-publish","hentry"],"_links":{"self":[{"href":"https:\/\/zetunas.com\/index.php\/wp-json\/wp\/v2\/pages\/197","targetHints":{"allow":["GET"]}}],"collection":[{"href":"https:\/\/zetunas.com\/index.php\/wp-json\/wp\/v2\/pages"}],"about":[{"href":"https:\/\/zetunas.com\/index.php\/wp-json\/wp\/v2\/types\/page"}],"author":[{"embeddable":true,"href":"https:\/\/zetunas.com\/index.php\/wp-json\/wp\/v2\/users\/1"}],"replies":[{"embeddable":true,"href":"https:\/\/zetunas.com\/index.php\/wp-json\/wp\/v2\/comments?post=197"}],"version-history":[{"count":105,"href":"https:\/\/zetunas.com\/index.php\/wp-json\/wp\/v2\/pages\/197\/revisions"}],"predecessor-version":[{"id":1139,"href":"https:\/\/zetunas.com\/index.php\/wp-json\/wp\/v2\/pages\/197\/revisions\/1139"}],"wp:attachment":[{"href":"https:\/\/zetunas.com\/index.php\/wp-json\/wp\/v2\/media?parent=197"}],"curies":[{"name":"wp","href":"https:\/\/api.w.org\/{rel}","templated":true}]}}